{"id":1534,"date":"2019-03-29T12:30:03","date_gmt":"2019-03-29T11:30:03","guid":{"rendered":"https:\/\/www.laschensky.at\/ristorante\/tageskarte\/"},"modified":"2019-12-16T08:19:41","modified_gmt":"2019-12-16T07:19:41","slug":"tageskarte","status":"publish","type":"page","link":"https:\/\/www.laschensky.at\/it\/ristorante\/tageskarte\/","title":{"rendered":"Tageskarte"},"content":{"rendered":"<h3 style=\"text-align: center\"><a rel=\"nofollow\" target=\"_blank\"  class=\"round_button\" href=\"https:\/\/www.laschensky.at\/restaurant\/tisch-reservieren\/\">Jetzt Tisch reservieren<\/a><\/h3>\n<hr \/>\n<h3 style=\"text-align: center\">Unsere \u00d6ffnungszeiten zu Weihnachten<\/h3>\n<p style=\"text-align: center\"><em>Am 15. Dezember 2019 ist unser Restaurant ab 18.00 Uhr geschlossen.<\/em><\/p>\n<p style=\"text-align: center\"><em>Unser Restaurant ist von Samstag, 21. Dezember 2019<\/em><br \/>\n<em>bis einschlie\u00dflich Mittwoch, 25. Dezember 2019 geschlossen.<\/em><\/p>\n<p style=\"text-align: center\"><em>Gerne begr\u00fc\u00dfen wir Sie<\/em><br \/>\n<em>am Samstag, 21. &amp; Sonntag, 22. Dezember 2019<\/em><br \/>\n<em>als \u00e1 la carte \u2013 Fr\u00fchst\u00fccksgast (Reservierung erforderlich).<\/em><\/p>\n<p style=\"text-align: center\"><em>Am Donnerstag, 26. Dezember 2019 ist unser Restaurant ab 11.00 Uhr wieder ge\u00f6ffnet.<\/em><\/p>\n<p>&nbsp;<\/p>\n<hr \/>\n<h3 style=\"text-align: center\">Unser heutiges Mittagsmen\u00fc: \u20ac 8,00<\/h3>\n<h3 style=\"text-align: center\">Rindssuppe mit Grie\u00dfnockerl<\/h3>\n<h3 style=\"text-align: center\"><strong>Hausgemachte Bratwurst<br \/>\nmit Kartoffel und Sauerkraut<\/strong><\/h3>\n<h3 style=\"text-align: center\">Vorspeisen<\/h3>\n<p style=\"text-align: center\"><strong>Vitello Tonnato<\/strong><br \/>\nmit Kapernbeeren \u20ac 10,50<\/p>\n<p style=\"text-align: center\"><strong>Shrimpscocktail<br \/>\n<\/strong>mit Ananas im Glas<strong><br \/>\n<\/strong><em>EUR<\/em><em> 10,50<\/em><\/p>\n<p style=\"text-align: center\"><strong>Cremesuppe vom Hokkaidok\u00fcrbis<br \/>\n<\/strong>mit gr\u00fcnem Gold<strong><em><br \/>\n<\/em><\/strong><em>EUR 4,20<\/em><\/p>\n<hr \/>\n<h3 style=\"text-align: center\"><strong>Hauptspe<\/strong><strong>isen<\/strong><\/h3>\n<p style=\"text-align: center\"><strong>Schweinsfiletspitzen<\/strong> in Steinpilzsauce mit Bandnudeln<br \/>\nEUR 17,50<\/p>\n<p style=\"text-align: center\"><strong>Tafelspitz mit Wurzelgem\u00fcse, Cremespinat<\/strong><br \/>\nR\u00f6stkartoffel und Apfelkren \u20ac 18,90<\/p>\n<p style=\"text-align: center\"><strong>Rahmgulasch vom Walser Kalb<\/strong><br \/>\nmit Sp\u00e4tzle \u20ac 16,90<\/p>\n<p style=\"text-align: center\"><strong>Rehragout mit Waldpilzen<br \/>\n<\/strong>dazu Semmelkn\u00f6del und Blaukraut<br \/>\n<em>EUR 18,20<\/em><\/p>\n<p style=\"text-align: center\"><strong>Rumpsteak<\/strong> <strong>auf Pfefferrahmsauce<\/strong><br \/>\nmit Kartoffelr\u00f6sti und Grillgem\u00fcse<br \/>\n<em>EUR 24,90<\/em><\/p>\n<p style=\"text-align: center\"><strong>Flammkuchen<br \/>\n<\/strong>mit Zwiebel, Tomaten und Rucola<strong><br \/>\n<\/strong>auf&#8217;m Holzbrettl serviert<br \/>\n<em>EUR 11,90<\/em><\/p>\n<p style=\"text-align: center\"><strong>Flammkuchen<\/strong><br \/>\nmit Zwiebel und Speck<br \/>\nauf&#8217;m Holzbrettl serviert<br \/>\n<em>EUR 11,90<\/em><\/p>\n<p style=\"text-align: center\"><strong>Ravioli mit Ziegenk\u00e4se und Rosmarin<br \/>\n<\/strong>dazu Tomatenragout <strong><br \/>\n<\/strong><em>EUR 11,50<\/em><\/p>\n<hr \/>\n<h3 style=\"text-align: center\">Desserts<\/h3>\n<p style=\"text-align: center\"><strong>Hausgemachter Keksteller<\/strong> (15 St\u00fcck)<br \/>\n<em>EUR 7,20<\/em><\/p>\n<p style=\"text-align: center\"><strong>Kastanienreis<br \/>\n<\/strong>mit Sauerkirschragout<br \/>\n<em>EUR 7,60<\/em><\/p>\n<p style=\"text-align: center\"><strong>Topfenmousse<\/strong><br \/>\nmit Erdbeersauce im Glas<br \/>\n<em>EUR 5,80<\/em><\/p>\n<p style=\"text-align: center\"><strong>Halbfl\u00fcssiger Schokokuchen<br \/>\n<\/strong>mit Vanilleeis und Beerenragout<br \/>\n(Zubereitungszeit: 20 Min.)<br \/>\n<em>EUR 8,80<\/em><\/p>\n<p style=\"text-align: center\"><strong>Toblerone-Schokomousse<\/strong><br \/>\nmit Sauerkirschen<br \/>\n<em>EUR 7,20<\/em><\/p>\n<p style=\"text-align: center\"><strong>Hausgemachte Mehlspeisen<\/strong><br \/>\nApfelstrudel, Kardinalschnitte, Sachertorte,<br \/>\nMalakofftorte, Topfentorte, Nusstorte<br \/>\n<em>EUR 3,40<\/em><\/p>\n","protected":false},"excerpt":{"rendered":"<p>Jetzt Tisch reservieren Unsere \u00d6ffnungszeiten zu Weihnachten Am 15. Dezember 2019 ist unser Restaurant ab 18.00 Uhr geschlossen. Unser Restaurant ist von Samstag, 21. Dezember 2019 bis einschlie\u00dflich Mittwoch, 25. Dezember 2019 geschlossen. Gerne begr\u00fc\u00dfen wir Sie am Samstag, 21. &amp; Sonntag, 22. Dezember 2019 als \u00e1 la carte \u2013 Fr\u00fchst\u00fccksgast (Reservierung erforderlich). Am Donnerstag, [&hellip;]<\/p>\n","protected":false},"author":5,"featured_media":0,"parent":1229,"menu_order":0,"comment_status":"closed","ping_status":"closed","template":"","meta":{"_acf_changed":false,"footnotes":""},"class_list":["post-1534","page","type-page","status-publish","hentry"],"acf":[],"_links":{"self":[{"href":"https:\/\/www.laschensky.at\/it\/wp-json\/wp\/v2\/pages\/1534","targetHints":{"allow":["GET"]}}],"collection":[{"href":"https:\/\/www.laschensky.at\/it\/wp-json\/wp\/v2\/pages"}],"about":[{"href":"https:\/\/www.laschensky.at\/it\/wp-json\/wp\/v2\/types\/page"}],"author":[{"embeddable":true,"href":"https:\/\/www.laschensky.at\/it\/wp-json\/wp\/v2\/users\/5"}],"replies":[{"embeddable":true,"href":"https:\/\/www.laschensky.at\/it\/wp-json\/wp\/v2\/comments?post=1534"}],"version-history":[{"count":471,"href":"https:\/\/www.laschensky.at\/it\/wp-json\/wp\/v2\/pages\/1534\/revisions"}],"predecessor-version":[{"id":3589,"href":"https:\/\/www.laschensky.at\/it\/wp-json\/wp\/v2\/pages\/1534\/revisions\/3589"}],"up":[{"embeddable":true,"href":"https:\/\/www.laschensky.at\/it\/wp-json\/wp\/v2\/pages\/1229"}],"wp:attachment":[{"href":"https:\/\/www.laschensky.at\/it\/wp-json\/wp\/v2\/media?parent=1534"}],"curies":[{"name":"wp","href":"https:\/\/api.w.org\/{rel}","templated":true}]}}